{"id":79,"date":"2020-07-02T00:18:25","date_gmt":"2020-07-02T00:18:25","guid":{"rendered":"http:\/\/192.168.1.154\/wordpress\/?page_id=79"},"modified":"2021-10-14T09:12:52","modified_gmt":"2021-10-14T09:12:52","slug":"swiadectwa","status":"publish","type":"page","link":"https:\/\/edukom.eu\/wordpress\/swiadectwa\/","title":{"rendered":"\u015awiadectwa"},"content":{"rendered":"\r\n<h4 class=\"wp-block-heading\">\u015awiadectwa 2020 &#8211; darmowy program do drukowania \u015bwiadectw dla szko\u0142y podstawowej (klasy I-III, IV-VIII oraz klasy ZET)<\/h4>\r\n\r\n\r\n\r\n<p><strong>Drogi nauczycielu!<br \/>Czy nie uwa\u017casz, \u017ce MEN zamiast finansowa\u0107 wzory \u015bwiadectw, dzienniki elektroniczne r\u00f3\u017cnych firm, systemy informacji o\u015bwiatowej itp. powinien przygotowa\u0107 i udost\u0119pni\u0107 nauczycielom jednolity e-dziennik z modu\u0142em do drukowania \u015bwiadectw? Czy monter pralek (zarabiaj\u0105cy 2x tyle co nauczyciel) musi si\u0119 zastanawia\u0107 sk\u0105d we\u017amie pasuj\u0105cy mu do pracy wkr\u0119tak? Dlaczego nauczyciele musz\u0105 zadba\u0107 o wszystko sami i za swoje? Na co MEN setki sprawozda\u0144 skoro wszystkie dane mo\u017ce mie\u0107 od r\u0119ki jak nale\u017cy? Je\u017celi uwa\u017casz, \u017ce warto to zmieni\u0107 to dzwo\u0144, pisz, pytaj, monituj, apeluj! MO\u017bE DO MEN, mo\u017ce niekoniecznie do mnie? Jeden telefon nie wiele zmieni ale gdyby ich by\u0142o tyle ile pobra\u0144 mojego programu to kto wie.<\/strong><\/p>\r\n\r\n\r\n\r\n<p><a href=\"https:\/\/www.gov.pl\/web\/edukacja\/kontakt\">https:\/\/www.gov.pl\/web\/edukacja\/kontakt<\/a><\/p>\r\n\r\n\r\n\r\n<p>A tym czasem od ju\u017c prawie 10 lat przedstawiam:<\/p>\r\n\r\n\r\n\r\n<p>Darmowy program do drukowania \u015bwiadectw szkolnych.<\/p>\r\n\r\n\r\n\r\n\r\n\r\n<figure class=\"wp-block-image size-large\"><a href=\".\/wordpress\/swiadectwa\/#pobierz\"><img loading=\"lazy\" decoding=\"async\" width=\"256\" height=\"256\" class=\"wp-image-94\" src=\"http:\/\/192.168.1.154\/wordpress\/wp-content\/uploads\/2020\/07\/swiadectwaico1.png\" alt=\"\" srcset=\"https:\/\/edukom.eu\/wordpress\/wp-content\/uploads\/2020\/07\/swiadectwaico1.png 256w, https:\/\/edukom.eu\/wordpress\/wp-content\/uploads\/2020\/07\/swiadectwaico1-150x150.png 150w\" sizes=\"auto, (max-width: 256px) 100vw, 256px\" \/><img loading=\"lazy\" decoding=\"async\" class=\"alignnone wp-image-86 size-medium\" src=\"http:\/\/192.168.1.154\/wordpress\/wp-content\/uploads\/2020\/07\/pobierz-300x40.png\" alt=\"\" width=\"300\" height=\"40\" srcset=\"https:\/\/edukom.eu\/wordpress\/wp-content\/uploads\/2020\/07\/pobierz-300x40.png 300w, https:\/\/edukom.eu\/wordpress\/wp-content\/uploads\/2020\/07\/pobierz.png 450w\" sizes=\"auto, (max-width: 300px) 100vw, 300px\" \/><\/a><\/figure>\r\n\r\n\r\n\r\n<p>Przedstawiam zupe\u0142nie darmowy, bezp\u0142atny, wolny od op\u0142at i reklam w pe\u0142ni funkcjonalny program s\u0142u\u017c\u0105cy do drukowania \u015bwiadectw szkolnych w szko\u0142ach podstawowych klasy I-III (wersja IIII) oraz klasy IV-VIII (wersja IVIII) wszystkich typ\u00f3w (\u0142\u0105cznie ze szko\u0142ami specjalnymi). Dzi\u0119ki niemu mo\u017cna w komfortowy spos\u00f3b zrealizowa\u0107 wype\u0142nienie i wydrukowanie \u015bwiadectw.<\/p>\r\n\r\n\r\n\r\n<p><a href=\"http:\/\/192.168.1.154\/wordpress\/wp-content\/uploads\/2020\/07\/swiadectwa.jpg\" data-rel=\"lightbox-image-0\" data-rl_title=\"\" data-rl_caption=\"\" title=\"\"><img loading=\"lazy\" decoding=\"async\" class=\"alignnone wp-image-88 size-large\" src=\"http:\/\/192.168.1.154\/wordpress\/wp-content\/uploads\/2020\/07\/swiadectwa-1024x562.jpg\" alt=\"\" width=\"800\" height=\"439\" srcset=\"https:\/\/edukom.eu\/wordpress\/wp-content\/uploads\/2020\/07\/swiadectwa-1024x562.jpg 1024w, https:\/\/edukom.eu\/wordpress\/wp-content\/uploads\/2020\/07\/swiadectwa-300x165.jpg 300w, https:\/\/edukom.eu\/wordpress\/wp-content\/uploads\/2020\/07\/swiadectwa-768x422.jpg 768w, https:\/\/edukom.eu\/wordpress\/wp-content\/uploads\/2020\/07\/swiadectwa.jpg 1422w\" sizes=\"auto, (max-width: 800px) 100vw, 800px\" \/><\/a><\/p>\r\n<figure class=\"wp-block-image size-medium\"><\/figure>\r\n\r\n\r\n\r\n<p>Oto niekt\u00f3re z cech aplikacji:<br \/>&#8211; dane o uczniu wprowadzane s\u0105 na wygodnym jednolitym formularzu;<br \/>&#8211; wype\u0142nione \u015bwiadectwo mo\u017cna edytowa\u0107 i poprawia\u0107;<br \/>&#8211; mo\u017cna samodzielnie edytowa\u0107 ka\u017cdy element wydruku;<br \/>&#8211; mo\u017cna wybiera\u0107 kr\u00f3j i rozmiar czcionki (tylko w trybie projektowym Accessa);<br \/>&#8211; puste pola s\u0105 domy\u015blnie wykreskowane;<br \/>&#8211; wstawianie ocen odbywa si\u0119 poprzez wskazywanie odpowiedniej opcji myszk\u0105;<br \/>&#8211; mo\u017cliwe jest wystawianie \u015bwiadectw z wyr\u00f3\u017cnieniem tzw &#8222;\u015bwiadectwa z czerwonym paskiem&#8221;;<br \/>&#8211; program drukuje \u015bwiadectwo na czystym druku &#8211; giloszu, dost\u0119pnym w plac\u00f3wkach Cezasu i w Kuratoriach;<br \/>&#8211; dla klas I-III mo\u017cna utworzy\u0107, zapisa\u0107 i dowolnie edytowa\u0107 baz\u0119 zwrot\u00f3w oceny opisowej;<br \/>&#8211; mo\u017cna drukowa\u0107 arkusze ocen dla uczni\u00f3w z ocen\u0105 opisow\u0105;<br \/>&#8211; obs\u0142uga programu jest bardzo prosta i intuicyjna;<br \/>&#8211; dost\u0119pna jest opcja wydruku dwustronnego (drukuj wszystko) na drukarkach wyposa\u017conych w dupleks;<\/p>\r\n\r\n\r\n\r\n<p>Program zosta\u0142 wykonany w formie bazy danych MS ACCESS 2007, kt\u00f3ra zosta\u0142a skompilowana razem z bibliotek\u0105 run-time do postaci pakietu instalacyjnego dlatego te\u017c nie wymaga posiadania zainstalowanego w systemie Accessa. Osoby, kt\u00f3re maj\u0105 ju\u017c zainstalowan\u0105 aplikacj\u0119 MS Access mog\u0105 skorzysta\u0107 tylko z pliku MDB. Plik ten jest niezabezpieczonym przed dowolnymi modyfikacjami \u017ar\u00f3d\u0142em programu &#8222;\u015awiadectwa 2020&#8221; dlatego te\u017c u\u017cytkownik ma pe\u0142n\u0105 kontrol\u0119 nad przygotowanymi wydrukami oraz mo\u017ce dokonywa\u0107 dowolnych zmian i ulepsze\u0144 w programie.<\/p>\r\n\r\n\r\n\r\n<p>Nauczyciel mo\u017ce wype\u0142ni\u0107 dane do \u015bwiadectw w domu a nast\u0119pnie przenie\u015b\u0107 je do szko\u0142y i wydrukowa\u0107 na szkolnej drukarce. W tym celu po wype\u0142nieniu wszystkich danych nale\u017cy skorzysta\u0107 z opcji &#8222;eksportuj baz\u0119&#8221; i przenie\u015b\u0107 wygenerowany plik na szkolny komputer. Wyeksportowany plik powinien mie\u0107 rozszerzenie .mdb lub .accdb Plik ten mo\u017cna skopiowa\u0107 na pulpit szkolnego komputera, otworzy\u0107 (pomijaj\u0105c ostrze\u017cenia) i wydrukowa\u0107 \u015bwiadectwa. Na komputerze szkolnym musi by\u0107 zainstalowana pe\u0142na wersja Accessa.<br \/>Program umo\u017cliwia drukowanie arkuszy ocen (zbiorczo dla ca\u0142ej klasy). Drukowanie arkusza pojedynczo jest mo\u017cliwe po wyborze odpowiedniego numeru strony dla wydruku. Podgl\u0105d wydruku arkusza pokazuje tylko pierwszy arkusz z listy. Reszta arkuszy jest dost\u0119pna za pomoc\u0105 strza\u0142ek nawigacyjnych na dole podgl\u0105du arkusza.<\/p>\r\n\r\n\r\n\r\n<p>Prosz\u0119 o wnikliwe zapoznanie si\u0119 z dzia\u0142em\u00a0<strong>&#8222;Cz\u0119sto zadawane pytania&#8221;<\/strong><br \/>Ewentualne uwagi prosz\u0119 przesy\u0142a\u0107 na <a href=\"http:\/\/edukom.eu\/wordpress\/kontakt\/\"><strong>@mail<\/strong><\/a><\/p>\r\n<p><br \/><a id=\"pobierz\"><\/a> Wyci\u0105g z licencji:<br \/>1. Licencja na u\u017cywanie programu\/bazy jest bezp\u0142atna dla os\u00f3b wykonuj\u0105cych wydruki \u015bwiadectw na potrzeby szk\u00f3\u0142 oraz instytucji edukacyjnych.<br \/>2. Autor programu do\u0142o\u017cy\u0142 NAJWI\u0118KSZYCH stara\u0144, aby program\/baza dzia\u0142a\u0142a prawid\u0142owo w zakresie technicznym a szczeg\u00f3lnie merytorycznym. Poniewa\u017c program\/baza jest tworem my\u015bli ludzkiej, nie mo\u017cna wykluczy\u0107, \u017ce nie jest wolna od b\u0142\u0119d\u00f3w. Z tego powodu autor nie ponosi \u017cadnej odpowiedzialno\u015bci za jakiekolwiek szkody materialne i niematerialne.<br \/>3. Publikowanie programu na p\u0142ytach CD-ROM do\u0142\u0105czanych do gazet i czasopism oraz publikowanie na stronach internetowych jest mo\u017cliwe tylko za PISEMN\u0104 zgod\u0105 autora.<br \/>4. Dozwolone jest nieodp\u0142atne kopiowanie programu\/bazy i przekazywanie innym osobom.<br \/>(pe\u0142na tre\u015b\u0107 licencji jest dost\u0119pna w programie)<\/p>\r\n<p><strong>Pobierz program<\/strong><\/p>\r\n<div class='w3eden'><!-- WPDM Link Template: Default Template -->\n\n<div class=\"link-template-default card mb-2\">\n    <div class=\"card-body\">\n        <div class=\"media\">\n            <div class=\"mr-3 img-48\"><img decoding=\"async\" class=\"wpdm_icon\" alt=\"Ikonka\"   src=\"https:\/\/edukom.eu\/wordpress\/wp-content\/plugins\/download-manager\/assets\/file-type-icons\/zip.svg\" \/><\/div>\n            <div class=\"media-body\">\n                <h3 class=\"package-title\"><a href='https:\/\/edukom.eu\/wordpress\/download\/swiadectwa-2020-klasy-i-iii-210617\/'>1. \u015awiadectwa 2020 klasy I-III 210617<\/a><\/h3>\n                <div class=\"text-muted text-small\"><i class=\"fas fa-copy\"><\/i> 1 plik(i) <i class=\"fas fa-hdd ml-3\"><\/i> 1.52MB<\/div>\n            <\/div>\n            <div class=\"ml-3\">\n                <a href='#unlock' class='wpdm-download-link wpdm-download-locked btn btn-primary btn-sm' data-package='235'>\u015awiadectwa 2020 IIII<\/a>\n            <\/div>\n        <\/div>\n    <\/div>\n<\/div>\n\n<\/div>\r\n<div class='w3eden'><!-- WPDM Link Template: Default Template -->\n\n<div class=\"link-template-default card mb-2\">\n    <div class=\"card-body\">\n        <div class=\"media\">\n            <div class=\"mr-3 img-48\"><img decoding=\"async\" class=\"wpdm_icon\" alt=\"Ikonka\"   src=\"https:\/\/edukom.eu\/wordpress\/wp-content\/plugins\/download-manager\/assets\/file-type-icons\/zip.svg\" \/><\/div>\n            <div class=\"media-body\">\n                <h3 class=\"package-title\"><a href='https:\/\/edukom.eu\/wordpress\/download\/swiadectwa-2020-klasy-iv-viii-210617\/'>2. \u015awiadectwa 2020 klasy IV-VIII 210619<\/a><\/h3>\n                <div class=\"text-muted text-small\"><i class=\"fas fa-copy\"><\/i> 1 plik(i) <i class=\"fas fa-hdd ml-3\"><\/i> 1.66 MB<\/div>\n            <\/div>\n            <div class=\"ml-3\">\n                <a href='#unlock' class='wpdm-download-link wpdm-download-locked btn btn-primary btn-sm' data-package='238'>\u015awiadectwa 2020 IVIII<\/a>\n            <\/div>\n        <\/div>\n    <\/div>\n<\/div>\n\n<\/div>\r\n<div class='w3eden'><!-- WPDM Link Template: Default Template -->\n\n<div class=\"link-template-default card mb-2\">\n    <div class=\"card-body\">\n        <div class=\"media\">\n            <div class=\"mr-3 img-48\"><img decoding=\"async\" class=\"wpdm_icon\" alt=\"Ikonka\"   src=\"https:\/\/edukom.eu\/wordpress\/wp-content\/plugins\/download-manager\/assets\/file-type-icons\/zip.svg\" \/><\/div>\n            <div class=\"media-body\">\n                <h3 class=\"package-title\"><a href='https:\/\/edukom.eu\/wordpress\/download\/swiadectwa-2020-klasy-zet-210617\/'>3. \u015awiadectwa 2020 klasy ZET 210617<\/a><\/h3>\n                <div class=\"text-muted text-small\"><i class=\"fas fa-copy\"><\/i> 1 plik(i) <i class=\"fas fa-hdd ml-3\"><\/i> 1.58MB<\/div>\n            <\/div>\n            <div class=\"ml-3\">\n                <a href='#unlock' class='wpdm-download-link wpdm-download-locked btn btn-primary btn-sm' data-package='240'>\u015awiadectwa 2020 ZET<\/a>\n            <\/div>\n        <\/div>\n    <\/div>\n<\/div>\n\n<\/div>\r\n<h3>Wa\u017cne informacje:<\/h3>\r\n\r\n\r\n\r\n\r\n\r\n<h4 class=\"wp-block-heading\">Nowe wersje program\u00f3w 2021 r.<\/h4>\r\n\r\n\r\n\r\n<p>Wydana zosta\u0142a nowa wersja programu opracowana z my\u015bl\u0105 o 64 bitowych systemach operacyjnych.<\/p>\r\n<p>Nowa wersja wymaga pobrania i zainstalowania samodzielnie <a href=\"https:\/\/support.microsoft.com\/pl-pl\/office\/pobieranie-i-instalowanie-%C5%9Brodowiska-uruchomieniowego-programu-access-platformy-microsoft-365-185c5a32-8ba9-491e-ac76-91cbe3ea09c9\">\u015arodowiska Uruchomieniowego Runtime Access 365<\/a><\/p>\r\n<p>Je\u017celi na komputerze jest ju\u017c zainstalowany program MS ACCESS (wersja 16) nie musimy instalowa\u0107 &#8222;\u015arodowiska Uruchomieniowego&#8221;.<\/p>\r\n\r\n\r\n\r\n\r\n\r\n\r\n\r\n<h4 class=\"wp-block-heading\">\u00a0<\/h4>\r\n<h4>B\u0142\u0119dy programu<\/h4>\r\n\r\n\r\n\r\n<p><strong>W programie mog\u0105 zosta\u0107 ujawnione b\u0142\u0119dy dlatego te\u017c zaleca si\u0119 pobranie najnowszej wersji.\u00a0<\/strong>Jednocze\u015bnie zach\u0119cam do dok\u0142adnego przetestowania pobranej wersji przed u\u017cyciem i zg\u0142aszanie ewentualnych problem\u00f3w. Pozwoli to na dopracowanie programu. Dok\u0142adny opis b\u0142\u0119du z numerem zainstalowanej wersji programu, prosz\u0119 wys\u0142a\u0107 na\u00a0<a href=\"http:\/\/edukom.eu\/wordpress\/kontakt\/\"><strong>@mail<\/strong><\/a>.<br \/><strong>Prosz\u0119 nie wysy\u0142a\u0107 mi informacji o b\u0142\u0119dach, kt\u00f3re wyst\u0119puj\u0105 w starszej wersji programu!<\/strong><\/p>\r\n\r\n\r\n\r\n\r\n\r\n<p id=\"faq\">\u00a0<\/p>\r\n<h4 class=\"wp-block-heading\">Cz\u0119sto zadawane pytania:<\/h4>\r\n\r\n\r\n\r\n<figure class=\"wp-block-table\">\r\n<table style=\"border-collapse: collapse; width: 100%; height: 935px;\">\r\n<tbody>\r\n<tr style=\"height: 24px;\">\r\n<td style=\"width: 26.2295%; height: 47px; background-color: #d6d4d4;\">\u00a0<strong>pytanie<\/strong><\/td>\r\n<td style=\"width: 73.6612%; height: 47px; background-color: #d6d4d4;\"><strong>i odpowied\u017a<\/strong><\/td>\r\n<\/tr>\r\n<tr style=\"height: 72px;\">\r\n<td style=\"width: 26.2295%; height: 72px; background-color: #f0f0f0;\"><strong>1. Dlaczego w programie domy\u015blnym wojew\u00f3dztwem jest wojew\u00f3dztwo \u0142\u00f3dzkie?<\/strong><\/td>\r\n<td style=\"width: 73.6612%; height: 72px; background-color: #f0f0f0;\">By\u0107 mo\u017ce dlatego, \u017ce jestem z \u0141odzi.<\/td>\r\n<\/tr>\r\n<tr style=\"height: 48px;\">\r\n<td style=\"width: 26.2295%; height: 48px; background-color: #f0f0f0;\"><strong>2. Czy pojawi si\u0119 wersja dla Liceum Og\u00f3lnokszta\u0142c\u0105cego?<\/strong><\/td>\r\n<td style=\"width: 73.6612%; height: 48px; background-color: #f0f0f0;\">My\u015bl\u0119, \u017ce nie.<\/td>\r\n<\/tr>\r\n<tr style=\"height: 48px;\">\r\n<td style=\"width: 26.2295%; height: 48px; background-color: #f0f0f0;\"><strong>3. Jak zmieni\u0107 rok szkolny na \u015bwiadectwie na inny?<\/strong><\/td>\r\n<td style=\"width: 73.6612%; height: 48px; background-color: #f0f0f0;\">W tym celu nale\u017cy wpisa\u0107 aktualne daty na karcie &#8222;dane szko\u0142y&#8221;.<\/td>\r\n<\/tr>\r\n<tr style=\"height: 72px;\">\r\n<td style=\"width: 26.2295%; height: 72px; background-color: #f0f0f0;\"><strong>4. Dlaczego program nie wy\u015bwietla podgl\u0105du \u015bwiadectw prawid\u0142owo?<\/strong><\/td>\r\n<td style=\"width: 73.6612%; height: 72px; background-color: #f0f0f0;\">Je\u017celi podgl\u0105d jest nieprawid\u0142owy nale\u017cy zainstalowa\u0107 sterowniki drukarki laserowej lub zmieni\u0107 drukark\u0119 domy\u015bln\u0105 na inn\u0105.\u00a0<a href=\"http:\/\/www.qprint.com.pl\/index.pl\/qprinter\"><strong><u>Kliknij tu<\/u><\/strong><\/a> aby pobra\u0107 wirtualn\u0105 drukark\u0119 PDF. Problem mo\u017ce te\u017c sprawia\u0107 brak odpowiednich czcionek.<\/td>\r\n<\/tr>\r\n<tr style=\"height: 48px;\">\r\n<td style=\"width: 26.2295%; height: 48px; background-color: #f0f0f0;\"><strong>5. Jak skopiowa\u0107 dane do formularza?<\/strong><\/td>\r\n<td style=\"width: 73.6612%; height: 48px; background-color: #f0f0f0;\">Mo\u017cna to wykona\u0107 za pomoc\u0105 kombinacji (jednoczesnego naci\u015bni\u0119cia) klawiszy\u00a0<strong>(CTRL)<\/strong>\u00a0i\u00a0<strong>(c)<\/strong>\u00a0dla polecenia\u00a0<strong>kopiuj<\/strong>\u00a0oraz\u00a0<strong>(CTRL)<\/strong>\u00a0i\u00a0<strong>(v)<\/strong>\u00a0dla polecenia\u00a0<strong>wklej<\/strong>. Kopiowany tekst musi by\u0107 zaznaczony.<\/td>\r\n<\/tr>\r\n<tr style=\"height: 72px;\">\r\n<td style=\"width: 26.2295%; height: 72px; background-color: #f0f0f0;\"><strong>6. Jak wstawi\u0107 kresk\u0119 \u2014\u2014\u2014 do kom\u00f3rki formularza?<\/strong><\/td>\r\n<td style=\"width: 73.6612%; height: 72px; background-color: #f0f0f0;\">Kreseczk\u0119 mo\u017cemy skopiowa\u0107 i wklei\u0107 z innego pola lub wprowadzi\u0107 za pomoc\u0105 kodu (ASCII) w tym celu nale\u017cy wcisn\u0105\u0107 i przytrzyma\u0107\u00a0<strong>(lewy ALT)<\/strong>\u00a0i wpisa\u0107 kod\u00a0<strong>0151<\/strong>\u00a0na klawiaturze numerycznej. Dopiero po wpisaniu kodu nale\u017cy pu\u015bci\u0107\u00a0<strong>(lewy ALT)<\/strong>. W efekcie dostaniemy znak \u2014 kt\u00f3ry sk\u0142ada si\u0119 na kresk\u0119.<\/td>\r\n<\/tr>\r\n<tr style=\"height: 96px;\">\r\n<td style=\"width: 26.2295%; height: 96px; background-color: #f0f0f0;\"><strong>7. Jak usun\u0105\u0107 sierot\u0119 (pojedyncz\u0105 liter\u0119) z ko\u0144ca linii?<\/strong><\/td>\r\n<td style=\"width: 73.6612%; height: 96px; background-color: #f0f0f0;\">Aby po\u0142\u0105czy\u0107 sierot\u0119 (pojedyncz\u0105 liter\u0119) z nast\u0119pnym wyrazem nale\u017cy usun\u0105\u0107 spacj\u0119 znajduj\u0105c\u0105 si\u0119 mi\u0119dzy tymi wyrazami<br \/>a nast\u0119pnie wstawi\u0107 mi\u0119dzy nimi znak spacji nierozdzielaj\u0105cej. Najpro\u015bciej mo\u017cna wprowadzi\u0107 j\u0105 za pomoc\u0105 kodu (ASCII) w tym celu nale\u017cy wcisn\u0105\u0107 i przytrzyma\u0107\u00a0<strong>(lewy ALT)<\/strong>\u00a0i wpisa\u0107 kod\u00a0<strong>0160<\/strong>\u00a0na klawiaturze numerycznej. Dopiero po wpisaniu kodu nale\u017cy pu\u015bci\u0107\u00a0<strong>(lewy ALT)<\/strong>. W efekcie dostaniemy znak pusty, kt\u00f3ry sk\u0142ada si\u0119 na spacj\u0119 nierozdzielaj\u0105c\u0105. Spacja taka przeniesie nam sierot\u0119 do nowej linii.<\/td>\r\n<\/tr>\r\n<tr style=\"height: 96px;\">\r\n<td style=\"width: 26.2295%; height: 96px; background-color: #f0f0f0;\"><strong>8. Jak zmieni\u0107 wielko\u015b\u0107 lub rodzaj czcionki na inny?<\/strong><\/td>\r\n<td style=\"width: 73.6612%; height: 96px; background-color: #f0f0f0;\">Ewentualne zmiany w programie mo\u017cemy wykonywa\u0107 wy\u0142\u0105cznie w trybie projektowym Accessa, edytuj\u0105c \u017ar\u00f3d\u0142o bazy (plik accdb). W tym celu musimy mie\u0107 zainstalowan\u0105 pe\u0142n\u0105 wersj\u0119 tego programu. Dok\u0142adny opis jak tego dokona\u0107 wykracza\u0142by poza ramy mojej publikacji, dlatego te\u017c zainteresowane osoby odsy\u0142am na strony dokumentacji technicznej i pomocy firmy Microsoft. Modyfikacji nale\u017cy dokonywa\u0107 z uwag\u0105 poniewa\u017c zmiana wielko\u015bci czy rodzaju czcionek mo\u017ce zaburzy\u0107 uk\u0142ad \u015bwiadectwa czy tre\u015b\u0107 wy\u015bwietlanych p\u00f3l.<\/td>\r\n<\/tr>\r\n<tr style=\"height: 72px;\">\r\n<td style=\"width: 26.2295%; height: 72px; background-color: #f0f0f0;\"><strong>9. Czy da si\u0119 edytowa\u0107 list\u0119 przedmiot\u00f3w i inne napisy czy mo\u017cna je jedynie wybiera\u0107 z listy?<\/strong><\/td>\r\n<td style=\"width: 73.6612%; height: 72px; background-color: #f0f0f0;\">Patrz odpowied\u017a pkt 8.<\/td>\r\n<\/tr>\r\n<tr style=\"height: 48px;\">\r\n<td style=\"width: 26.2295%; height: 48px; background-color: #f0f0f0;\"><strong>10. Jak prawid\u0142owo zapisa\u0107 informacje, oceny wprowadzone do programu?<\/strong><\/td>\r\n<td style=\"width: 73.6612%; height: 48px; background-color: #f0f0f0;\">Wszelkie zmiany s\u0105 zapisywane natychmiast, automatycznie, dlatego niczego nie trzeba zapisywa\u0107 samodzielnie.<\/td>\r\n<\/tr>\r\n<tr style=\"height: 120px;\">\r\n<td style=\"width: 26.2295%; height: 120px; background-color: #f0f0f0;\"><strong>11. Znalaz\u0142em\/am b\u0142\u0105d co robi\u0107?<\/strong><\/td>\r\n<td style=\"width: 73.6612%; height: 120px; background-color: #f0f0f0;\">Po pierwsze nale\u017cy sprawdzi\u0107 czy nie ukaza\u0142a si\u0119 nowsza wersja programu &#8211; je\u017celi tak to nale\u017cy j\u0105 zainstalowa\u0107. Wersj\u0119 programu wyznacza data jego publikacji. Data ta jest doklejona do nazwy programu np: SWIADECTWA2020IVIII_2010-06-10.zip oznacza program wydany 10 czerwca 2019 roku. Program ten jest ju\u017c nieaktualny bo wydana zosta\u0142a nowsza wersja. Je\u017celi b\u0142\u0105d zosta\u0142 wykryty w najnowszej wersji prosz\u0119 poda\u0107 nazw\u0119 i wersj\u0119 programu w kt\u00f3rym b\u0142\u0105d wyst\u0119puje, dok\u0142adnie opisa\u0107 miejsce i przyczyny wyst\u0119powania. Opis mo\u017ce by\u0107 uzupe\u0142niony zrzutem ekranu. Informacje przesy\u0142amy na <a href=\"http:\/\/edukom.eu\/wordpress\/kontakt\/\"><strong>@mail<\/strong><\/a><\/td>\r\n<\/tr>\r\n<tr style=\"height: 48px;\">\r\n<td style=\"width: 26.2295%; height: 48px; background-color: #f0f0f0;\"><strong>12. Co zrobi\u0107 je\u017celi na wydruku kreseczki lub napisy przeskakuj\u0105 do nowej linii?<\/strong><\/td>\r\n<td style=\"width: 73.6612%; height: 48px; background-color: #f0f0f0;\">Za taki b\u0142\u0105d odpowiada najcz\u0119\u015bciej sterownik drukarki. Mo\u017cna spr\u00f3bowa\u0107 zmieni\u0107 szeroko\u015b\u0107 lewego lub prawego marginesu, rozdzielczo\u015b\u0107 wydruku, wybra\u0107 drukark\u0119 laserow\u0105 lub wydrukowa\u0107 do PDF.<\/td>\r\n<\/tr>\r\n<tr style=\"height: 48px;\">\r\n<td style=\"width: 26.2295%; height: 48px; background-color: #f0f0f0;\"><strong>13. Na wydruku zamiast orze\u0142ka widz\u0119 ciemno\u015b\u0107?<\/strong><\/td>\r\n<td style=\"width: 73.6612%; height: 48px; background-color: #f0f0f0;\">Proponuj\u0119 zaktualizowa\u0107 sterownik drukarki.<\/td>\r\n<\/tr>\r\n<tr>\r\n<td style=\"width: 26.2295%; background-color: #f0f0f0;\"><strong>14. Czy\/kiedy zostanie wydana aktualizacja?<\/strong><\/td>\r\n<td style=\"width: 73.6612%; background-color: #f0f0f0;\"><strong>Nie wiem!!!\u00a0Program jest !BEZP\u0141ATNY! oferowany w formie\u00a0&#8222;Jest taki &#8211; jaki jest&#8221;. Jak kto\u015b potrzebuje czego\u015b innego i mu si\u0119 spieszy to mo\u017ce sam dokona\u0107 aktualizacji i udost\u0119pni\u0107 nam swoj\u0105 wersj\u0119. Zawalanie mi skrzynki pocztowej pytaniami o nowe wersje, wzory czy aktualizacje zniech\u0119ca mnie do ich wydania.<\/strong><\/td>\r\n<\/tr>\r\n<\/tbody>\r\n<\/table>\r\n<\/figure>\r\n\r\n\r\n","protected":false},"excerpt":{"rendered":"<p>\u015awiadectwa 2020 &#8211; darmowy program do drukowania \u015bwiadectw dla szko\u0142y podstawowej (klasy I-III, IV-VIII oraz klasy ZET) Drogi nauczycielu!Czy nie<\/p>\n","protected":false},"author":1,"featured_media":0,"parent":0,"menu_order":0,"comment_status":"closed","ping_status":"closed","template":"","meta":{"footnotes":""},"class_list":["post-79","page","type-page","status-publish","hentry"],"_links":{"self":[{"href":"https:\/\/edukom.eu\/wordpress\/wp-json\/wp\/v2\/pages\/79","targetHints":{"allow":["GET"]}}],"collection":[{"href":"https:\/\/edukom.eu\/wordpress\/wp-json\/wp\/v2\/pages"}],"about":[{"href":"https:\/\/edukom.eu\/wordpress\/wp-json\/wp\/v2\/types\/page"}],"author":[{"embeddable":true,"href":"https:\/\/edukom.eu\/wordpress\/wp-json\/wp\/v2\/users\/1"}],"replies":[{"embeddable":true,"href":"https:\/\/edukom.eu\/wordpress\/wp-json\/wp\/v2\/comments?post=79"}],"version-history":[{"count":44,"href":"https:\/\/edukom.eu\/wordpress\/wp-json\/wp\/v2\/pages\/79\/revisions"}],"predecessor-version":[{"id":286,"href":"https:\/\/edukom.eu\/wordpress\/wp-json\/wp\/v2\/pages\/79\/revisions\/286"}],"wp:attachment":[{"href":"https:\/\/edukom.eu\/wordpress\/wp-json\/wp\/v2\/media?parent=79"}],"curies":[{"name":"wp","href":"https:\/\/api.w.org\/{rel}","templated":true}]}}